{"version":"1.0","provider_name":"Eszter \u00e9lete","provider_url":"https:\/\/estherlife.cafeblog.hu","author_name":"Kir\u00e1ly Eszter","author_url":"https:\/\/estherlife.cafeblog.hu\/author\/tczekmeisztergmail-com\/","title":"Ennyi!","html":"<p>Id\u00e9n janu\u00e1rban \u00faj voltam m\u00e9g a blogger univerzumban.<\/p>\r\n<p>\u00dagy k\u00f6sz\u00f6nt\u00f6tt r\u00e1m az \u00faj\u00e9v, hogy egyetlen mondattal \u00fcdv\u00f6z\u00f6ltek kedvesen \u00e9s szeretettel itt a grafom\u00e1n, n\u0151i bennsz\u00fcl\u00f6ttek. <em>Eszter azoknak \u00e9s azokr\u00f3l \u00edr, akiket b\u00e1ntalmaznak. <\/em>Val\u00f3ban. Minden korai bejegyz\u00e9sem \u00fagy sz\u00fcletett, hogy a m\u00falt szelleme s\u00e1t\u00e1ni vigyorral a k\u00e9p\u00e9n ber\u00f6h\u00f6g\u00f6tt az ablakomon, majd h\u00edvatlanul az \u00e1gyam sz\u00e9l\u00e9re \u00fclt \u00e9s fojtogatni kezdte a nyakamat. Kett\u0151s akci\u00f3 volt, \u0151 zaklatott engem, \u00e9n pedig kipanaszkodtam magam, a k\u00f6nnyeim a klaviat\u00far\u00e1ra hullottak, \u00e9s \u00edr\u00e1saim b\u00e1ntalmazott n\u0151k ezreinek a lelk\u00e9be hatoltak, jelentettem sz\u00e1mukra pozit\u00edv p\u00e9ld\u00e1t, \u00e9s kiutat a kil\u00e1t\u00e1stalans\u00e1gb\u00f3l. A z\u00e1rt csoportban el\u00e9g hamar bez\u00e1rts\u00e1g \u00e9rz\u00e9sem t\u00e1madt, mert \u00fagy gondoltam, fejl\u0151dni akarok, \u00e9s nem egy helyben topogva \u00fajabb \u00e9s \u00fajabb tagokat \u00fcdv\u00f6z\u00f6lni sajn\u00e1lkozva. Lelki eg\u00e9szs\u00e9get akartam, eg\u00e9szs\u00e9ges n\u0151i \u00f6ntudatot \u00e9s meger\u0151s\u00f6d\u00f6tt spiritu\u00e1lis immunrendszert. T\u00e1voztam.<\/p>\r\n<p>Azt\u00e1n egy reggelen csoda t\u00f6rt\u00e9nt. M\u00e1r nem akartam \u00edrni balesetr\u0151l, abortuszr\u00f3l, k\u00f6nnyekr\u0151l, elveszett paradicsomr\u00f3l. Mintha egy reggelen elh\u00faztam volna a f\u00fcgg\u00f6nyt, \u00e9s azt l\u00e1tn\u00e1m, a vihar el\u00fclt. Kifacsart f\u00e1k, \u00fatra d\u0151lt r\u00f6nk\u00f6k jelzik a kor\u00e1bbi puszt\u00edt\u00e1st, \u00e9s szemetet hord a sz\u00e9l. De m\u00e1r cs\u00f6nd van. Egy kis takar\u00edt\u00e1s, \u00e9s rendben lesz \u00fajra az utcak\u00e9p. \u00c9n majdnem egy eg\u00e9sz \u00e9ven \u00e1t takar\u00edtottam. A szerelem h\u00e1ta m\u00f6g\u00e9 b\u00fajva, az \u0151 v\u00e9delm\u00e9be rejt\u0151zve, hangtalanul s\u00edrva a b\u0151r\u00e9be, pihegve az \u00f6lel\u00e9s\u00e9ben. Most ki kellene dugni az orromat innen a szerelem barik\u00e1d m\u00f6g\u00fcl. Kin\u0151ttem m\u00e1r a csigah\u00e1zat, t\u00faln\u0151ttem rajta, \u00e9s \u00fagy tudok csak kib\u00fajni, ha \u00f6sszet\u00f6r\u00f6m. Ez lenne a rendeltet\u00e9se? Igen eddig szolg\u00e1lt v\u00e9delemk\u00e9nt. Most be kellene fejeznem azt a n\u00e9gy fejezetet, ami h\u00e1travan a k\u00f6nyvemb\u0151l. Ott vacog a t\u00f6rt\u00e9netem a semmi \u00e1g\u00e1n, egy tizenhat gig\u00e1s adathordoz\u00f3n, l\u00f3g a leveg\u0151ben, m\u00e9g a senki\u00e9. Azt akarom, hogy a ti\u00e9tek legyen, el\u00e9tek tudjam sz\u00f3rni a kincsemet, ki kell, hogy adjam a kezemb\u0151l, \u00fatra kell bocs\u00e1tanom, mint feln\u0151tt gyermeket. Senki nem teszi meg helyettem, senki nem fog k\u00e9zen, gyere, v\u00e9gezz\u00fck be, \u00e9s engedj\u00fck \u00fatra, mint fontos \u00fczenetet rejt\u0151 palackpost\u00e1t, vagy jelk\u00e9pes pap\u00edrhaj\u00f3t.<\/p>\r\n<p>A m\u00falt szelleme m\u00e9g id\u0151nk\u00e9nt megjelenik az ablak alatt, de hamar tovat\u0171nik, mint fejn\u00e9lk\u00fcli lovas a s\u00f6t\u00e9tben. Nem kell m\u00e1r szenteltvizet, vagy fokhagymaf\u0171z\u00e9rt tartanom el\u00e9, ezek n\u00e9lk\u00fcl is lel\u00e9p, nem h\u00e1borgat m\u00e1r.\u00a0 A m\u00falt k\u00f6nyve is az eny\u00e9m, felraktam a legmagasabb polcra, seholszigetre, az \u00d3perenci\u00e1n is t\u00falra, a szolg\u00e1ltat\u00e1s m\u00e1r nem el\u00e9rhet\u0151 sz\u00e1momra. \u00d3, \u00e9n nem f\u00e9lek a szellemekt\u0151l Kar\u00e1csony \u00e9jjel\u00e9n. A m\u00falt m\u00e1r h\u00edvatlan vend\u00e9g, sz\u00e1zszor, ezerszer vend\u00e9g\u00fcl l\u00e1ttam m\u00e1r. Unja a k\u00e9pemet, m\u00e1r nem k\u00edv\u00e1ncsi r\u00e1m. A jelenben szerelem t\u00fcnd\u00e9rek l\u00e1togatnak meg, a hajamat f\u00e9s\u00fclik, \u00e9s a sz\u00e1mat r\u00fazsozz\u00e1k, sz\u00e9ps\u00e9ges ruh\u00e1ba \u00f6lt\u00f6ztetnek. A j\u00f6v\u0151 szellem\u00e9t sz\u00edvesen fogadom, tele a kosara finoms\u00e1ggal \u00e9s k\u00fcl\u00f6nlegess\u00e9ggel, majd kiv\u00e1logatjuk, ugye, \u00c9des?<\/p>\r\n<p>Az anyuk\u00e1m, aki hatvan ak\u00e1rh\u00e1ny \u00e9ves, ma emoticonokkal t\u0171zdelt facebook \u00fczenetet \u00edrt. D\u00e9lut\u00e1n h\u00edvjam, mert este kar\u00e1csonyi buliba megy. (!) Felh\u00edvtam kora d\u00e9lut\u00e1n, \u00e9s azt k\u00e9rte, seg\u00edtsek a ruha dilemm\u00e1ban. A bord\u00f3, vagy az \u00e9l\u00e9nkz\u00f6ld? Az \u00e9l\u00e9nkz\u00f6ld, anyuk\u00e1m, a bord\u00f3, tudod, <em>\u00f6reges. <\/em>Ezt tal\u00e1ltam mondani. Igen, helyeselt, b\u0151szen, \u00f6reges. R\u00e1ad\u00e1sul k\u00f6v\u00e9r\u00edt is. Ha a szavam j\u00e1r\u00e1sa lenne, az <em>ennyi, <\/em>most ezt mondan\u00e1m fennhangon. Mit mondan\u00e1m, ki\u00e1ltan\u00e1m bele a vil\u00e1gba. Ennyi!<\/p>\r\n<p>Ennyi az \u00e9n sz\u00e1mvet\u00e9sem 2014-r\u0151l. \u00d6lel\u00e9s minden Eszter \u00e9lete olvas\u00f3nak!<\/p>\r\n<p><a href=\"https:\/\/estherlife.cafeblog.hu\/files\/2014\/12\/526311469.jpg\"><img class=\"alignnone size-full wp-image-2538\" src=\"https:\/\/estherlife.cafeblog.hu\/files\/2014\/12\/526311469.jpg\" alt=\"526311469\" width=\"507\" height=\"337\" \/><\/a><\/p>","type":"rich","thumbnail_url":"https:\/\/estherlife.cafeblog.hu\/files\/2014\/12\/151148383-150x150.jpg","thumbnail_width":150,"thumbnail_height":150}